{"id":22,"date":"2025-04-25T08:23:36","date_gmt":"2025-04-25T06:23:36","guid":{"rendered":"http:\/\/www.liecoeurdesalpes.fr\/?page_id=22"},"modified":"2026-03-04T13:29:25","modified_gmt":"2026-03-04T12:29:25","slug":"accueil","status":"publish","type":"page","link":"https:\/\/www.liecoeur-desalpes.fr\/","title":{"rendered":"Accueil"},"content":{"rendered":"\n<div class=\"et_pb_section_0 et_pb_section et_section_regular et_block_section\"><div class=\"et_pb_row_0 et_pb_row et_pb_equal_columns et_block_row\"><div class=\"et_pb_column_0 et_pb_column et_pb_column_4_4 et-last-child et_block_column et_pb_css_mix_blend_mode_passthrough\"><div class=\"et_pb_slider_0 et_pb_slider et_pb_slider_fullwidth_off et_pb_module et_block_module\" id=\"banniere\"><div class=\"et_pb_slides\"><div class=\"et_pb_slide_0 et_pb_slide et_pb_media_alignment_center et_pb_bg_layout_dark et_pb_text_align_center\" data-slide-id=\"divi\/slide-0\"><span class=\"et_pb_background_mask\"><\/span><div class=\"et_pb_container\"><div class=\"et_pb_slider_container_inner\"><div class=\"et_pb_slide_description\"><h2 class=\"et_pb_slide_title\"><a href=\"https:\/\/www.liecoeur-desalpes.fr\/index.php\/nos-produits\/\" target=\"\" class=\"et_pb_slide_title_link\">Bienvenue sur le site de lie coeur des alpes<\/a><\/h2><div class=\"et_pb_slide_content\"><p>D\u00e9couvrez la passion et le savoir-faire de notre terroir dans chaque gorg\u00e9e de Lie\u2019 C\u0153ur des Alpes.<\/p>\n<\/div><div class=\"et_pb_button_wrapper\"><a class=\"et_pb_button et_pb_more_button\" href=\"https:\/\/www.liecoeur-desalpes.fr\/index.php\/nos-produits\/\">D\u00e9couvrir nos produits<\/a><\/div><\/div><\/div><\/div><\/div><div class=\"et_pb_slide_1 et_pb_slide et_pb_slide_with_image et_pb_slider_with_overlay et_pb_media_alignment_center et_pb_bg_layout_dark et_pb_text_align_center\" data-slide-id=\"divi\/slide-1\"><div class=\"et_pb_slide_overlay_container\"><\/div><div class=\"et_pb_container\"><div class=\"et_pb_slider_container_inner\"><div class=\"et_pb_slide_image\"><img loading=\"lazy\" decoding=\"async\" src=\"https:\/\/www.liecoeur-desalpes.fr\/wp-content\/uploads\/2025\/04\/LieCoeur_ensemble-3-scaled.jpg\" width=\"2560\" height=\"1707\" srcset=\"https:\/\/www.liecoeur-desalpes.fr\/wp-content\/uploads\/2025\/04\/LieCoeur_ensemble-3-scaled.jpg 2560w, https:\/\/www.liecoeur-desalpes.fr\/wp-content\/uploads\/2025\/04\/LieCoeur_ensemble-3-scaled-600x400.jpg 600w, https:\/\/www.liecoeur-desalpes.fr\/wp-content\/uploads\/2025\/04\/LieCoeur_ensemble-3-300x200.jpg 300w, https:\/\/www.liecoeur-desalpes.fr\/wp-content\/uploads\/2025\/04\/LieCoeur_ensemble-3-1024x683.jpg 1024w, https:\/\/www.liecoeur-desalpes.fr\/wp-content\/uploads\/2025\/04\/LieCoeur_ensemble-3-768x512.jpg 768w, https:\/\/www.liecoeur-desalpes.fr\/wp-content\/uploads\/2025\/04\/LieCoeur_ensemble-3-1536x1024.jpg 1536w, https:\/\/www.liecoeur-desalpes.fr\/wp-content\/uploads\/2025\/04\/LieCoeur_ensemble-3-2048x1365.jpg 2048w, https:\/\/www.liecoeur-desalpes.fr\/wp-content\/uploads\/2025\/04\/LieCoeur_ensemble-3-1080x720.jpg 1080w\" sizes=\"(max-width: 2560px) 100vw, 2560px\" class=\"wp-image-32\" \/><\/div><div class=\"et_pb_slide_description\"><h2 class=\"et_pb_slide_title\">Les commandes<\/h2><div class=\"et_pb_slide_content\"><p style=\"text-align: center;\">Vous souhaitez une d\u00e9gustation ?<\/p>\n<p style=\"text-align: center;\">Vous souhaitez passer commande?<\/p>\n<\/div><div class=\"et_pb_button_wrapper\"><a class=\"et_pb_button et_pb_more_button\" href=\"\">Contactez nous<\/a><\/div><\/div><\/div><\/div><\/div><\/div><\/div><\/div><\/div><div class=\"et_pb_row_1 et_pb_row et_pb_gutters2 et_block_row\"><div class=\"et_pb_column_1 et_pb_column et_pb_column_1_3 et_block_column et_pb_css_mix_blend_mode_passthrough\"><div class=\"et_pb_image_0 et_pb_image et_pb_image_sticky et_pb_module et_block_module\"><span class=\"et_pb_image_wrap\"><img loading=\"lazy\" decoding=\"async\" src=\"https:\/\/www.liecoeur-desalpes.fr\/wp-content\/uploads\/2025\/04\/logo_liecoeur_des_alpes.png\" width=\"500\" height=\"500\" srcset=\"https:\/\/www.liecoeur-desalpes.fr\/wp-content\/uploads\/2025\/04\/logo_liecoeur_des_alpes.png 500w, https:\/\/www.liecoeur-desalpes.fr\/wp-content\/uploads\/2025\/04\/logo_liecoeur_des_alpes-300x300.png 300w, https:\/\/www.liecoeur-desalpes.fr\/wp-content\/uploads\/2025\/04\/logo_liecoeur_des_alpes-100x100.png 100w, https:\/\/www.liecoeur-desalpes.fr\/wp-content\/uploads\/2025\/04\/logo_liecoeur_des_alpes-150x150.png 150w\" sizes=\"(max-width: 500px) 100vw, 500px\" class=\"wp-image-45\" title=\"logo_liecoeur_des_alpes\" \/><\/span><\/div><\/div><div class=\"et_pb_column_2 et_pb_column et_pb_column_2_3 et-last-child et_block_column et_pb_css_mix_blend_mode_passthrough\"><div class=\"et_pb_text_0 et_pb_text et_pb_bg_layout_light et_pb_module et_block_module\"><div class=\"et_pb_text_inner\"><p><span style=\"font-family: Rufina; font-size: large; color: #ffffff;\">Au c\u0153ur des Alpes, nous revisitons les traditions locales en cr\u00e9ant des liqueurs artisanales uniques. <\/span><\/p>\n<p><span style=\"font-family: Rufina; font-size: large; color: #ffffff;\">Chaque ingr\u00e9dient, issu de circuits courts ou du bio, est soigneusement s\u00e9lectionn\u00e9 pour offrir des ap\u00e9ritifs authentiques, \u00e9quilibr\u00e9s et pleins de caract\u00e8re.<\/span><span style=\"font-family: Rufina; font-size: large; color: #ffffff;\"><\/span><\/p>\n<p>&nbsp;<\/p>\n<\/div><\/div><\/div><\/div><\/div><div class=\"et_pb_section_1 et_pb_section et_section_regular et_block_section section_has_divider et_pb_bottom_divider\"><div class=\"et_pb_row_2 et_pb_row et_block_row leliquoriste\" id=\"leliquoriste\"><div class=\"et_pb_column_3 et_pb_column et_pb_column_1_2 et_block_column et_pb_css_mix_blend_mode_passthrough\"><div class=\"et_pb_image_1 et_pb_image et_pb_module et_block_module\"><span class=\"et_pb_image_wrap\"><img loading=\"lazy\" decoding=\"async\" src=\"https:\/\/www.liecoeur-desalpes.fr\/wp-content\/uploads\/2025\/07\/LieCoeur_Hors_Serie-7-scaled-1.jpg\" width=\"1707\" height=\"2560\" srcset=\"https:\/\/www.liecoeur-desalpes.fr\/wp-content\/uploads\/2025\/07\/LieCoeur_Hors_Serie-7-scaled-1.jpg 1707w, https:\/\/www.liecoeur-desalpes.fr\/wp-content\/uploads\/2025\/07\/LieCoeur_Hors_Serie-7-scaled-1-1280x1920.jpg 1280w, https:\/\/www.liecoeur-desalpes.fr\/wp-content\/uploads\/2025\/07\/LieCoeur_Hors_Serie-7-scaled-1-980x1470.jpg 980w, https:\/\/www.liecoeur-desalpes.fr\/wp-content\/uploads\/2025\/07\/LieCoeur_Hors_Serie-7-scaled-1-480x720.jpg 480w\" sizes=\"(min-width: 0px) and (max-width: 480px) 480px, (min-width: 481px) and (max-width: 980px) 980px, (min-width: 981px) and (max-width: 1280px) 1280px, (min-width: 1281px) 1707px, 100vw\" class=\"wp-image-706\" title=\"LieCoeur_Hors_Serie-7-scaled\" \/><\/span><\/div><\/div><div class=\"et_pb_column_4 et_pb_column et_pb_column_1_2 et-last-child et_block_column et_pb_css_mix_blend_mode_passthrough\"><div class=\"et_pb_text_1 et_pb_text et_pb_bg_layout_light et_pb_module et_block_module preset--module--divi-text--003e9429-8e11-4d9e-968b-8881092bbf81\"><div class=\"et_pb_text_inner\"><h2>Le liquoriste<\/h2>\n<\/div><\/div><div class=\"et_pb_text_2 et_pb_text et_pb_bg_layout_light et_pb_module et_block_module preset--module--divi-text--811ed666-1a78-43c8-9ac3-cdd07dc98da3\"><div class=\"et_pb_text_inner\"><h5>Pierre<\/h5>\n<\/div><\/div><div class=\"et_pb_text_3 et_pb_text et_pb_bg_layout_light et_pb_module et_block_module preset--module--divi-text--811ed666-1a78-43c8-9ac3-cdd07dc98da3\"><div class=\"et_pb_text_inner\"><h5 style=\"text-align: right;\">Maurier<\/h5>\n<\/div><\/div><div class=\"et_pb_text_4 et_pb_text et_pb_bg_layout_light et_pb_module et_block_module preset--module--divi-text--22d0da71-6393-430b-a0cd-b77dd565e85c\"><div class=\"et_pb_text_inner\"><p style=\"text-align: justify;\">Originaire de Savoie et ancien pr\u00e9sident du club \u0153nologie \u00e0 Grenoble, est un tr\u00e8s un bon connaisseur de vins.<\/p>\n<p style=\"text-align: justify;\">Il a commenc\u00e9 par faire des liqueurs aux plantes et tr\u00e8s naturellement, il a suivi les recettes familiales pour \u00e9laborer le vin \u00e0 la cerise, et finalement devenir fabricant d\u2019ap\u00e9ritifs.<\/p>\n<\/div><\/div><\/div><\/div><div class=\"et_pb_bottom_inside_divider et-no-transition\"><\/div><\/div><div class=\"et_pb_section_2 et_pb_section et_section_regular et_block_section\"><div class=\"et_pb_row_3 et_pb_row et_block_row\"><div class=\"et_pb_column_5 et_pb_column et_pb_column_1_2 et_block_column et_pb_css_mix_blend_mode_passthrough\"><div class=\"et_pb_text_5 et_pb_text et_pb_bg_layout_light et_pb_module et_block_module preset--module--divi-text--811ed666-1a78-43c8-9ac3-cdd07dc98da3\"><div class=\"et_pb_text_inner\"><h5>Les ap\u00e9ros qui se d\u00e9gustent<br \/>et se partagent<\/h5>\n<\/div><\/div><div class=\"et_pb_text_6 et_pb_text et_pb_bg_layout_light et_pb_module et_block_module preset--module--divi-text--8cbf7fc8-d53e-4772-9a84-f5de3bd4cee4\"><div class=\"et_pb_text_inner\"><h5>Nos ap\u00e9ritifs, peu sucr\u00e9s<br \/>et faiblement alcoolis\u00e9s (16-20\u00b0),<br \/>sont fabriqu\u00e9s artisanalement<br \/>avec des ingr\u00e9dients biologiques et locaux.<\/h5>\n<\/div><\/div><div class=\"et_pb_text_7 et_pb_text et_pb_bg_layout_light et_pb_module et_block_module preset--module--divi-text--8cbf7fc8-d53e-4772-9a84-f5de3bd4cee4\"><div class=\"et_pb_text_inner\"><h5 style=\"text-align: right;\">Situ\u00e9s au c\u0153ur des Alpes,<br \/>nous revisitons les traditions locales pour<br \/>offrir des ap\u00e9ritifs parfaitement \u00e9quilibr\u00e9s.<\/h5>\n<\/div><\/div><div class=\"et_pb_text_8 et_pb_text et_pb_bg_layout_light et_pb_module et_block_module preset--module--divi-text--8cbf7fc8-d53e-4772-9a84-f5de3bd4cee4\"><div class=\"et_pb_text_inner\"><h5>Chaque ingr\u00e9dient<br \/>est soigneusement s\u00e9lectionn\u00e9,<br \/>privil\u00e9giant les circuits courts ou le bio<br \/>pour garantir une qualit\u00e9 hors du commun.<\/h5>\n<\/div><\/div><\/div><div class=\"et_pb_column_6 et_pb_column et_pb_column_1_2 et-last-child et_block_column et_pb_css_mix_blend_mode_passthrough\"><div class=\"et_pb_image_2 et_pb_image et_pb_module et_block_module\"><span class=\"et_pb_image_wrap\"><img loading=\"lazy\" decoding=\"async\" src=\"https:\/\/www.liecoeur-desalpes.fr\/wp-content\/uploads\/2025\/05\/ffff.png\" width=\"416\" height=\"650\" srcset=\"https:\/\/www.liecoeur-desalpes.fr\/wp-content\/uploads\/2025\/05\/ffff.png 416w, https:\/\/www.liecoeur-desalpes.fr\/wp-content\/uploads\/2025\/05\/ffff-192x300.png 192w\" sizes=\"(max-width: 416px) 100vw, 416px\" class=\"wp-image-431\" title=\"ffff\" \/><\/span><\/div><\/div><\/div><\/div><div class=\"et_pb_section_3 et_pb_section et_section_regular et_block_section section_has_divider et_pb_bottom_divider\"><div class=\"et_pb_row_4 et_pb_row et_block_row\"><div class=\"et_pb_column_7 et_pb_column et_pb_column_4_4 et-last-child et_block_column et_pb_css_mix_blend_mode_passthrough\"><div class=\"et_pb_text_9 et_pb_text et_pb_bg_layout_light et_pb_module et_block_module preset--module--divi-text--003e9429-8e11-4d9e-968b-8881092bbf81\"><div class=\"et_pb_text_inner\"><h2>Nos produits<\/h2>\n<\/div><\/div><\/div><\/div><div class=\"et_pb_row_5 et_pb_row et_pb_row_4col et_pb_equal_columns et_block_row et_block_row_4col\"><div class=\"et_pb_column_8 et_pb_column et_pb_column_1_4 et_block_column et_pb_css_mix_blend_mode_passthrough\"><div class=\"et_pb_image_3 et_pb_image et_pb_module et_block_module\"><span class=\"et_pb_image_wrap\"><img loading=\"lazy\" decoding=\"async\" src=\"https:\/\/www.liecoeur-desalpes.fr\/wp-content\/uploads\/2025\/05\/vermout-1.png\" width=\"1080\" height=\"1080\" srcset=\"https:\/\/www.liecoeur-desalpes.fr\/wp-content\/uploads\/2025\/05\/vermout-1.png 1080w, https:\/\/www.liecoeur-desalpes.fr\/wp-content\/uploads\/2025\/05\/vermout-1-300x300.png 300w, https:\/\/www.liecoeur-desalpes.fr\/wp-content\/uploads\/2025\/05\/vermout-1-1024x1024.png 1024w, https:\/\/www.liecoeur-desalpes.fr\/wp-content\/uploads\/2025\/05\/vermout-1-150x150.png 150w, https:\/\/www.liecoeur-desalpes.fr\/wp-content\/uploads\/2025\/05\/vermout-1-768x768.png 768w, https:\/\/www.liecoeur-desalpes.fr\/wp-content\/uploads\/2025\/05\/vermout-1-980x980.png 980w, https:\/\/www.liecoeur-desalpes.fr\/wp-content\/uploads\/2025\/05\/vermout-1-480x480.png 480w, https:\/\/www.liecoeur-desalpes.fr\/wp-content\/uploads\/2025\/05\/vermout-1-600x600.png 600w, https:\/\/www.liecoeur-desalpes.fr\/wp-content\/uploads\/2025\/05\/vermout-1-100x100.png 100w\" sizes=\"(max-width: 1080px) 100vw, 1080px\" class=\"wp-image-590\" title=\"vermout (1)\" \/><\/span><\/div><div class=\"et_pb_text_10 et_pb_text et_pb_bg_layout_light et_pb_module et_block_module\"><div class=\"et_pb_text_inner\"><h3><strong><span style=\"color: #000000;\">Vermouth 22<\/span><\/strong><\/h3>\n<\/div><\/div><div class=\"et_pb_text_11 et_pb_text et_pb_bg_layout_light et_pb_module et_block_module\"><span class=\"et_pb_background_mask\"><\/span><div class=\"et_pb_text_inner\"><p style=\"text-align: center;\"><span style=\"color: #000000;\">Sec\/demi sec, 16.5\u00b0<\/span><\/p>\n<\/div><\/div><div class=\"et_pb_text_12 et_pb_text et_pb_bg_layout_light et_pb_module et_block_module\"><div class=\"et_pb_text_inner\"><p><span style=\"color: #000000;\">Du caract\u00e8re, un pep\u2019s et peu de sucre,<\/span><br \/><span style=\"color: #000000;\">\u00e0 l\u2019orange sicilienne, cannelle et plantes<\/span><br \/><span style=\"color: #000000;\">Certains le trouvent amer, d\u2019autres non, et toi ?<\/span><\/p>\n<\/div><\/div><div class=\"et_pb_module et_pb_button_module_wrapper et_pb_button_0_wrapper\"><a class=\"et_pb_button_0 et_pb_button et_pb_bg_layout_light et_pb_module et_block_module\" href=\"https:\/\/www.liecoeur-desalpes.fr\/index.php\/produit\/vermouth-n22\/\">En savoir plus<\/a><\/div><\/div><div class=\"et_pb_column_9 et_pb_column et_pb_column_1_4 et_block_column et_pb_css_mix_blend_mode_passthrough\"><div class=\"et_pb_image_4 et_pb_image et_pb_module et_block_module\"><span class=\"et_pb_image_wrap\"><img loading=\"lazy\" decoding=\"async\" src=\"https:\/\/www.liecoeur-desalpes.fr\/wp-content\/uploads\/2025\/05\/cerise-noire-1-1.png\" width=\"1080\" height=\"1080\" srcset=\"https:\/\/www.liecoeur-desalpes.fr\/wp-content\/uploads\/2025\/05\/cerise-noire-1-1.png 1080w, https:\/\/www.liecoeur-desalpes.fr\/wp-content\/uploads\/2025\/05\/cerise-noire-1-1-300x300.png 300w, https:\/\/www.liecoeur-desalpes.fr\/wp-content\/uploads\/2025\/05\/cerise-noire-1-1-1024x1024.png 1024w, https:\/\/www.liecoeur-desalpes.fr\/wp-content\/uploads\/2025\/05\/cerise-noire-1-1-150x150.png 150w, https:\/\/www.liecoeur-desalpes.fr\/wp-content\/uploads\/2025\/05\/cerise-noire-1-1-768x768.png 768w, https:\/\/www.liecoeur-desalpes.fr\/wp-content\/uploads\/2025\/05\/cerise-noire-1-1-980x980.png 980w, https:\/\/www.liecoeur-desalpes.fr\/wp-content\/uploads\/2025\/05\/cerise-noire-1-1-480x480.png 480w, https:\/\/www.liecoeur-desalpes.fr\/wp-content\/uploads\/2025\/05\/cerise-noire-1-1-600x600.png 600w, https:\/\/www.liecoeur-desalpes.fr\/wp-content\/uploads\/2025\/05\/cerise-noire-1-1-100x100.png 100w\" sizes=\"(max-width: 1080px) 100vw, 1080px\" class=\"wp-image-591\" title=\"cerise-noire-1\" \/><\/span><\/div><div class=\"et_pb_text_13 et_pb_text et_pb_bg_layout_light et_pb_module et_block_module\"><div class=\"et_pb_text_inner\"><h3>La petite cerise noire<\/h3>\n<\/div><\/div><div class=\"et_pb_text_14 et_pb_text et_pb_bg_layout_light et_pb_module et_block_module\"><span class=\"et_pb_background_mask\"><\/span><div class=\"et_pb_text_inner\"><p style=\"text-align: center;\"><span style=\"color: #000000;\">Une gourmandise pas trop sucr\u00e9, 18\u00b0<\/span><\/p>\n<\/div><\/div><div class=\"et_pb_text_15 et_pb_text et_pb_bg_layout_light et_pb_module et_block_module\"><div class=\"et_pb_text_inner\"><p><span style=\"color: #000000;\">Cerise noire d\u2019Is\u00e8re mac\u00e9r\u00e9e dans un fruit local distill\u00e9. Tr\u00e8s facile \u00e0 accorder avec un dessert chocolat\u00e9 ou une tarte aux fruits. J\u2019ai un petit go\u00fbt de reviens-y !<\/span><\/p>\n<\/div><\/div><div class=\"et_pb_module et_pb_button_module_wrapper et_pb_button_1_wrapper\"><a class=\"et_pb_button_1 et_pb_button et_pb_bg_layout_light et_pb_module et_block_module\" href=\"https:\/\/www.liecoeur-desalpes.fr\/index.php\/produit\/la-petite-cerise-noire\/\">En savoir plus<\/a><\/div><\/div><div class=\"et_pb_column_10 et_pb_column et_pb_column_1_4 et_block_column et_pb_css_mix_blend_mode_passthrough\"><div class=\"et_pb_image_5 et_pb_image et_pb_module et_block_module\"><span class=\"et_pb_image_wrap\"><img loading=\"lazy\" decoding=\"async\" src=\"https:\/\/www.liecoeur-desalpes.fr\/wp-content\/uploads\/2025\/05\/cerise-noire-1-1-1.png\" width=\"1080\" height=\"1080\" srcset=\"https:\/\/www.liecoeur-desalpes.fr\/wp-content\/uploads\/2025\/05\/cerise-noire-1-1-1.png 1080w, https:\/\/www.liecoeur-desalpes.fr\/wp-content\/uploads\/2025\/05\/cerise-noire-1-1-1-300x300.png 300w, https:\/\/www.liecoeur-desalpes.fr\/wp-content\/uploads\/2025\/05\/cerise-noire-1-1-1-1024x1024.png 1024w, https:\/\/www.liecoeur-desalpes.fr\/wp-content\/uploads\/2025\/05\/cerise-noire-1-1-1-150x150.png 150w, https:\/\/www.liecoeur-desalpes.fr\/wp-content\/uploads\/2025\/05\/cerise-noire-1-1-1-768x768.png 768w, https:\/\/www.liecoeur-desalpes.fr\/wp-content\/uploads\/2025\/05\/cerise-noire-1-1-1-980x980.png 980w, https:\/\/www.liecoeur-desalpes.fr\/wp-content\/uploads\/2025\/05\/cerise-noire-1-1-1-480x480.png 480w, https:\/\/www.liecoeur-desalpes.fr\/wp-content\/uploads\/2025\/05\/cerise-noire-1-1-1-600x600.png 600w, https:\/\/www.liecoeur-desalpes.fr\/wp-content\/uploads\/2025\/05\/cerise-noire-1-1-1-100x100.png 100w\" sizes=\"(max-width: 1080px) 100vw, 1080px\" class=\"wp-image-593\" title=\"cerise-noire-1 (1)\" \/><\/span><\/div><div class=\"et_pb_text_16 et_pb_text et_pb_bg_layout_light et_pb_module et_block_module\"><div class=\"et_pb_text_inner\"><h3><span style=\"color: #000000;\">Belle su'rise<\/span><\/h3>\n<\/div><\/div><div class=\"et_pb_text_17 et_pb_text et_pb_bg_layout_light et_pb_module et_block_module\"><span class=\"et_pb_background_mask\"><\/span><div class=\"et_pb_text_inner\"><p style=\"text-align: center;\"><span style=\"color: #000000;\">Doux et tr\u00e8s floral, 16.5\u00b0<\/span><\/p>\n<\/div><\/div><div class=\"et_pb_text_18 et_pb_text et_pb_bg_layout_light et_pb_module et_block_module\"><div class=\"et_pb_text_inner\"><p><span style=\"color: #000000;\">Vin doux et tr\u00e8s floral aux fleurs de sureau et \u00e0 la cerise, aux notes de litchi au nez (amen\u00e9 par le vieillissement du sureau).\u00a0Fleurs ramass\u00e9es autour de Grenoble<\/span><\/p>\n<\/div><\/div><div class=\"et_pb_module et_pb_button_module_wrapper et_pb_button_2_wrapper\"><a class=\"et_pb_button_2 et_pb_button et_pb_bg_layout_light et_pb_module et_block_module\" href=\"https:\/\/www.liecoeur-desalpes.fr\/index.php\/produit\/belle-surise\/\">En savoir plus<\/a><\/div><\/div><div class=\"et_pb_column_11 et_pb_column et_pb_column_1_4 et-last-child et_block_column et_pb_css_mix_blend_mode_passthrough\"><div class=\"et_pb_image_6 et_pb_image et_pb_module et_block_module\"><span class=\"et_pb_image_wrap\"><img loading=\"lazy\" decoding=\"async\" src=\"https:\/\/www.liecoeur-desalpes.fr\/wp-content\/uploads\/2025\/05\/noix-1-1.png\" width=\"1080\" height=\"1080\" srcset=\"https:\/\/www.liecoeur-desalpes.fr\/wp-content\/uploads\/2025\/05\/noix-1-1.png 1080w, https:\/\/www.liecoeur-desalpes.fr\/wp-content\/uploads\/2025\/05\/noix-1-1-300x300.png 300w, https:\/\/www.liecoeur-desalpes.fr\/wp-content\/uploads\/2025\/05\/noix-1-1-1024x1024.png 1024w, https:\/\/www.liecoeur-desalpes.fr\/wp-content\/uploads\/2025\/05\/noix-1-1-150x150.png 150w, https:\/\/www.liecoeur-desalpes.fr\/wp-content\/uploads\/2025\/05\/noix-1-1-768x768.png 768w, https:\/\/www.liecoeur-desalpes.fr\/wp-content\/uploads\/2025\/05\/noix-1-1-980x980.png 980w, https:\/\/www.liecoeur-desalpes.fr\/wp-content\/uploads\/2025\/05\/noix-1-1-480x480.png 480w, https:\/\/www.liecoeur-desalpes.fr\/wp-content\/uploads\/2025\/05\/noix-1-1-600x600.png 600w, https:\/\/www.liecoeur-desalpes.fr\/wp-content\/uploads\/2025\/05\/noix-1-1-100x100.png 100w\" sizes=\"(max-width: 1080px) 100vw, 1080px\" class=\"wp-image-595\" title=\"noix-1\" \/><\/span><\/div><div class=\"et_pb_text_19 et_pb_text et_pb_bg_layout_light et_pb_module et_block_module\"><div class=\"et_pb_text_inner\"><h3><span style=\"color: #000000;\">Noix Epic\u00e9e<\/span><\/h3>\n<\/div><\/div><div class=\"et_pb_text_20 et_pb_text et_pb_bg_layout_light et_pb_module et_block_module\"><span class=\"et_pb_background_mask\"><\/span><div class=\"et_pb_text_inner\"><p style=\"text-align: center;\"><span style=\"color: #000000;\">Un \u00e9l\u00e9gant \u00e9quilibrage entre la noix et les \u00e9pices, 16.5\u00b0<\/span><\/p>\n<\/div><\/div><div class=\"et_pb_text_21 et_pb_text et_pb_bg_layout_light et_pb_module et_block_module\"><div class=\"et_pb_text_inner\"><p><span style=\"color: #000000;\">Concoct\u00e9 avec quatre \u00e9pices dont la cannelle, ce breuvage r\u00e9v\u00e8le l\u2019intensit\u00e9 de la noix de Tullins, cultiv\u00e9e sans aucun traitement. Une douceur parfaitement \u00e9quilibr\u00e9e.<\/span><\/p>\n<\/div><\/div><div class=\"et_pb_module et_pb_button_module_wrapper et_pb_button_3_wrapper\"><a class=\"et_pb_button_3 et_pb_button et_pb_bg_layout_light et_pb_module et_block_module\" href=\"https:\/\/www.liecoeur-desalpes.fr\/index.php\/produit\/noix-epicee\/\">En savoir plus<\/a><\/div><\/div><\/div><div class=\"et_pb_row_6 et_pb_row et_pb_row_4col et_pb_equal_columns et_block_row et_block_row_4col\"><div class=\"et_pb_column_12 et_pb_column et_pb_column_1_4 et_block_column et_pb_css_mix_blend_mode_passthrough\"><div class=\"et_pb_module et_pb_button_module_wrapper et_pb_button_4_wrapper\"><a class=\"et_pb_button_4 et_pb_button et_pb_bg_layout_light et_pb_module et_block_module\" href=\"https:\/\/www.liecoeur-desalpes.fr\/index.php\/produit\/vermouth-n22\/\">En savoir plus<\/a><\/div><\/div><div class=\"et_pb_column_13 et_pb_column et_pb_column_1_4 et_block_column et_pb_css_mix_blend_mode_passthrough\"><div class=\"et_pb_module et_pb_button_module_wrapper et_pb_button_5_wrapper\"><a class=\"et_pb_button_5 et_pb_button et_pb_bg_layout_light et_pb_module et_block_module\" href=\"https:\/\/www.liecoeur-desalpes.fr\/index.php\/produit\/la-petite-cerise-noire\/\">En savoir plus<\/a><\/div><\/div><div class=\"et_pb_column_14 et_pb_column et_pb_column_1_4 et_block_column et_pb_css_mix_blend_mode_passthrough\"><div class=\"et_pb_module et_pb_button_module_wrapper et_pb_button_6_wrapper\"><a class=\"et_pb_button_6 et_pb_button et_pb_bg_layout_light et_pb_module et_block_module\" href=\"https:\/\/www.liecoeur-desalpes.fr\/index.php\/produit\/belle-surise\/\">En savoir plus<\/a><\/div><\/div><div class=\"et_pb_column_15 et_pb_column et_pb_column_1_4 et-last-child et_block_column et_pb_css_mix_blend_mode_passthrough\"><div class=\"et_pb_module et_pb_button_module_wrapper et_pb_button_7_wrapper\"><a class=\"et_pb_button_7 et_pb_button et_pb_bg_layout_light et_pb_module et_block_module\" href=\"https:\/\/www.liecoeur-desalpes.fr\/index.php\/produit\/noix-epicee\/\">En savoir plus<\/a><\/div><\/div><\/div><div class=\"et_pb_row_7 et_pb_row et_block_row\"><div class=\"et_pb_column_16 et_pb_column et_pb_column_4_4 et-last-child et_block_column et_pb_css_mix_blend_mode_passthrough\"><div class=\"et_pb_module et_pb_button_module_wrapper et_pb_button_8_wrapper preset--module--divi-button--f05bba5e-c4ed-4d16-99f6-de883c2b94d5_wrapper\"><a class=\"et_pb_button_8 et_pb_button et_pb_bg_layout_light et_pb_module et_block_module preset--module--divi-button--f05bba5e-c4ed-4d16-99f6-de883c2b94d5\" href=\"https:\/\/www.liecoeur-desalpes.fr\/index.php\/nos-produits\/\">D\u00e9couvrez toute notre gamme<\/a><\/div><\/div><\/div><div class=\"et_pb_bottom_inside_divider et-no-transition\"><\/div><\/div><div class=\"et_pb_section_4 et_pb_section et_section_regular et_block_section\"><div class=\"et_pb_row_8 et_pb_row et_block_row\"><div class=\"et_pb_column_17 et_pb_column et_pb_column_4_4 et-last-child et_block_column et_pb_css_mix_blend_mode_passthrough\"><div class=\"et_pb_text_22 et_pb_text et_pb_bg_layout_light et_pb_module et_block_module\"><div class=\"et_pb_text_inner\"><h3 style=\"text-align: center;\">Nos engagements<\/h3>\n<\/div><\/div><\/div><\/div><div class=\"et_pb_row_9 et_pb_row et-vb-row--no-module et_block_row\"><div class=\"et_pb_column_18 et_pb_column et_pb_column_4_4 et-last-child et_block_column et_pb_column_empty et_pb_css_mix_blend_mode_passthrough\"><\/div><\/div><\/div><div class=\"et_pb_section_5 et_pb_section et_section_regular et_block_section\"><div class=\"et_pb_row_10 et_pb_row et_block_row\"><div class=\"et_pb_column_19 et_pb_column et_pb_column_1_3 et_block_column et_pb_css_mix_blend_mode_passthrough\"><div class=\"et_pb_image_7 et_pb_image et_pb_module et_block_module\"><span class=\"et_pb_image_wrap\"><img loading=\"lazy\" decoding=\"async\" src=\"https:\/\/www.liecoeur-desalpes.fr\/wp-content\/uploads\/2025\/04\/IMG-20240921-WA0004.jpg\" width=\"1200\" height=\"1600\" srcset=\"https:\/\/www.liecoeur-desalpes.fr\/wp-content\/uploads\/2025\/04\/IMG-20240921-WA0004.jpg 1200w, https:\/\/www.liecoeur-desalpes.fr\/wp-content\/uploads\/2025\/04\/IMG-20240921-WA0004-600x800.jpg 600w, https:\/\/www.liecoeur-desalpes.fr\/wp-content\/uploads\/2025\/04\/IMG-20240921-WA0004-225x300.jpg 225w, https:\/\/www.liecoeur-desalpes.fr\/wp-content\/uploads\/2025\/04\/IMG-20240921-WA0004-768x1024.jpg 768w, https:\/\/www.liecoeur-desalpes.fr\/wp-content\/uploads\/2025\/04\/IMG-20240921-WA0004-1152x1536.jpg 1152w, https:\/\/www.liecoeur-desalpes.fr\/wp-content\/uploads\/2025\/04\/IMG-20240921-WA0004-1080x1440.jpg 1080w\" sizes=\"(max-width: 1200px) 100vw, 1200px\" class=\"wp-image-128\" title=\"IMG-20240921-WA0004\" \/><\/span><\/div><\/div><div class=\"et_pb_column_20 et_pb_column et_pb_column_1_3 et_block_column et_pb_css_mix_blend_mode_passthrough\"><div class=\"et_pb_text_23 et_pb_text et_pb_bg_layout_light et_pb_module et_block_module preset--module--divi-text--8cbf7fc8-d53e-4772-9a84-f5de3bd4cee4\"><div class=\"et_pb_text_inner\"><h5>Pour nous retrouver (sur rendez vous) :<\/h5>\n<\/div><\/div><div class=\"et_pb_text_24 et_pb_text et_pb_bg_layout_light et_pb_module et_block_module preset--module--divi-text--22d0da71-6393-430b-a0cd-b77dd565e85c\"><div class=\"et_pb_text_inner\"><p>45 bis rue Charles Michels 38600 Fontaine<\/p>\n<\/div><\/div><div class=\"et_pb_text_25 et_pb_text et_pb_bg_layout_light et_pb_module et_block_module preset--module--divi-text--8cbf7fc8-d53e-4772-9a84-f5de3bd4cee4\"><div class=\"et_pb_text_inner\"><h5>Pour vous tenir inform\u00e9 de nos futures d\u00e9gustations<\/h5>\n<\/div><\/div><div class=\"et_pb_signup_0 et_pb_signup et_pb_newsletter et_pb_subscribe et_pb_no_bg et_pb_newsletter_description_no_title et_pb_newsletter_description_no_content et_pb_bg_layout_dark et_pb_module et_flex_module preset--module--divi-signup--f127b419-0a5e-416c-941e-81011201b2aa\"><div class=\"et_pb_newsletter_description et_multi_view_hidden\"><\/div><div class=\"et_pb_newsletter_form\"><form method=\"post\" class=\"\"><div class=\"et_pb_newsletter_result et_pb_newsletter_error\"><\/div><div class=\"et_pb_newsletter_result et_pb_newsletter_success\"><h2>Success!<\/h2><\/div><div class=\"et_pb_newsletter_fields et_flex_module\"><p class=\"et_pb_newsletter_field et_pb_contact_field_last et_pb_contact_field_last_tablet et_pb_contact_field_last_phone\"><label class=\"et_pb_contact_form_label\" for=\"et_pb_signup_email\" style=\"display: none;\">E-mail<\/label><input class=\"input\" id=\"et_pb_signup_email\" type=\"text\" placeholder=\"E-mail\" name=\"et_pb_signup_email\" \/><\/p><p class=\"et_pb_newsletter_button_wrap\"><a class=\"et_pb_button et_pb_newsletter_button\" href=\"#\"><span class=\"et_subscribe_loader\"><\/span><span class=\"et_pb_newsletter_button_text\">S&#039;inscrire<\/span><\/a><\/p><\/div><input type=\"hidden\" name=\"et_pb_signup_provider\" value=\"mailchimp\" \/><input type=\"hidden\" name=\"et_pb_signup_list_id\" value=\"1ea2bbd026\" \/><input type=\"hidden\" name=\"et_pb_signup_account_name\" value=\"elegantthemestest\" \/><input type=\"hidden\" name=\"et_pb_signup_ip_address\" value=\"true\" \/><input type=\"hidden\" name=\"et_pb_signup_checksum\" value=\"b380fd4454ab2315786569cd3a0904f2\" \/><\/form><\/div><\/div><\/div><div class=\"et_pb_column_21 et_pb_column et_pb_column_1_3 et-last-child et_block_column et_pb_css_mix_blend_mode_passthrough\"><div class=\"et_pb_text_26 et_pb_text et_pb_bg_layout_light et_pb_module et_block_module preset--module--divi-text--8cbf7fc8-d53e-4772-9a84-f5de3bd4cee4\"><div class=\"et_pb_text_inner\"><h5>Email<\/h5>\n<\/div><\/div><div class=\"et_pb_text_27 et_pb_text et_pb_bg_layout_light et_pb_module et_block_module preset--module--divi-text--22d0da71-6393-430b-a0cd-b77dd565e85c\"><div class=\"et_pb_text_inner\"><p>liecoeur.desalpes@gmail.com<\/p>\n<\/div><\/div><\/div><\/div><\/div>\n","protected":false},"excerpt":{"rendered":"","protected":false},"author":1,"featured_media":0,"parent":0,"menu_order":0,"comment_status":"closed","ping_status":"closed","template":"","meta":{"footnotes":""},"class_list":["post-22","page","type-page","status-publish","hentry"],"_links":{"self":[{"href":"https:\/\/www.liecoeur-desalpes.fr\/index.php\/wp-json\/wp\/v2\/pages\/22","targetHints":{"allow":["GET"]}}],"collection":[{"href":"https:\/\/www.liecoeur-desalpes.fr\/index.php\/wp-json\/wp\/v2\/pages"}],"about":[{"href":"https:\/\/www.liecoeur-desalpes.fr\/index.php\/wp-json\/wp\/v2\/types\/page"}],"author":[{"embeddable":true,"href":"https:\/\/www.liecoeur-desalpes.fr\/index.php\/wp-json\/wp\/v2\/users\/1"}],"replies":[{"embeddable":true,"href":"https:\/\/www.liecoeur-desalpes.fr\/index.php\/wp-json\/wp\/v2\/comments?post=22"}],"version-history":[{"count":7,"href":"https:\/\/www.liecoeur-desalpes.fr\/index.php\/wp-json\/wp\/v2\/pages\/22\/revisions"}],"predecessor-version":[{"id":780,"href":"https:\/\/www.liecoeur-desalpes.fr\/index.php\/wp-json\/wp\/v2\/pages\/22\/revisions\/780"}],"wp:attachment":[{"href":"https:\/\/www.liecoeur-desalpes.fr\/index.php\/wp-json\/wp\/v2\/media?parent=22"}],"curies":[{"name":"wp","href":"https:\/\/api.w.org\/{rel}","templated":true}]}}